{"id":18862,"date":"2019-04-26T11:27:34","date_gmt":"2019-04-26T10:27:34","guid":{"rendered":"https:\/\/wordpress.slekt1.com\/litteratur\/bygdebok-for-ardal\/"},"modified":"2019-09-25T19:36:00","modified_gmt":"2019-09-25T18:36:00","slug":"village-book-for-ardal","status":"publish","type":"wpbdp_listing","link":"https:\/\/slekt1.com\/en\/litteratur\/bygdebok-for-ardal\/","title":{"rendered":"City directory for \u00c5rdal"},"content":{"rendered":"<h1>Contents<\/h1>\n<table border=\"0\">\n<tbody>\n<tr>\n<td>Introduction by Tomas Hareid\u00a0<\/td>\n<td>\u00a0\u00a0 13<\/td>\n<\/tr>\n<tr>\n<td>This is how the village was created by S\u00f8re Ve\u00a0<\/td>\n<td>\u00a0\u00a0 26<\/td>\n<\/tr>\n<tr>\n<td>From plant life by S\u00f8ren Ve and Per Wendelboe\u00a0<\/td>\n<td>\u00a0\u00a0 78<\/td>\n<\/tr>\n<tr>\n<td>From the wildlife by S\u00f8ren Ve\u00a0<\/td>\n<td>\u00a0103<\/td>\n<\/tr>\n<tr>\n<td>Temperature in air, ground and emergence by S\u00f8ren Ve\u00a0<\/td>\n<td>\u00a0114<\/td>\n<\/tr>\n<tr>\n<td>The Land Needle by Sigurd Dahl Midttun<\/td>\n<td>\u00a0120<\/td>\n<\/tr>\n<tr>\n<td>Finds from prehistoric times by A. Lillehammer<\/td>\n<td>\u00a0127<\/td>\n<\/tr>\n<tr>\n<td>Ytre Moa\u00a0&#8211; ein \u00f8ydegard fr\u00e5 vikingtida av Egil Bakka<\/td>\n<td>\u00a0149<\/td>\n<\/tr>\n<tr>\n<td>Hunting from the Stone Age to the present day by S\u00f8ren Ve\u00a0<\/td>\n<td>\u00a0179<\/td>\n<\/tr>\n<tr>\n<td>Fishing in fjords, rivers and lakes by Olav Sagen\u00a0<\/td>\n<td>\u00a0253<\/td>\n<\/tr>\n<tr>\n<td>St\u00f8lsdrifta by Olav Sagen\u00a0<\/td>\n<td>\u00a0265<\/td>\n<\/tr>\n<tr>\n<td>The forest and forestry by Olav Sagen<\/td>\n<td>\u00a0290<\/td>\n<\/tr>\n<tr>\n<td>Watering by S\u00f8ren Ve\u00a0<\/td>\n<td>\u00a0315<\/td>\n<\/tr>\n<tr>\n<td>The operating trade of Peder \u00c5rebru<\/td>\n<td>\u00a0341<\/td>\n<\/tr>\n<tr>\n<td>Dry burning by S\u00f8ren Ve\u00a0<\/td>\n<td>\u00a0355<\/td>\n<\/tr>\n<tr>\n<td>Auxiliary feed from forests and farms by Erik H\u00e6reid and Olav Sagen\u00a0\u00a0\u00a0<\/td>\n<td>\u00a0361<\/td>\n<\/tr>\n<tr>\n<td>Anvil (tool) sharpening on an anvil and grinding stone by S\u00f8ren Ve\u00a0\u00a0\u00a0\u00a0<\/td>\n<td>\u00a0380<\/td>\n<\/tr>\n<tr>\n<td>Koparverket by S\u00f8ren Ve\u00a0<\/td>\n<td>\u00a0384<\/td>\n<\/tr>\n<tr>\n<td>Potatoes by S\u00f8ren Ve\u00a0<\/td>\n<td>\u00a0497<\/td>\n<\/tr>\n<tr>\n<td>Building practices in older times by S\u00f8ren Ve\u00a0<\/td>\n<td>\u00a0507<\/td>\n<\/tr>\n<tr>\n<td>Crafts and craftsmen by Olav Sagen\u00a0<\/td>\n<td>\u00a0590<\/td>\n<\/tr>\n<tr>\n<td>Lagging\u00a0&#8211; handverk eller heimorka av Torleiv Midttun<\/td>\n<td>\u00a0613<\/td>\n<\/tr>\n<tr>\n<td>Dangerous neighbors by S\u00f8ren Ve\u00a0<\/td>\n<td>\u00a0619<\/td>\n<\/tr>\n<tr>\n<td>Steel wire by Wilken Seim Lysne\u00a0<\/td>\n<td>\u00a0645<\/td>\n<\/tr>\n<tr>\n<td>Tourist behavior by Peder \u00c5rebru\u00a0<\/td>\n<td>\u00a0667<\/td>\n<\/tr>\n<tr>\n<td>Trading places and guests by J. Laberg and S\u00f8ren Ve<\/td>\n<td>\u00a0678<\/td>\n<\/tr>\n<tr>\n<td>The rowboat on weekends and work in the hometown by Erik H\u00e6reid\u00a0<\/td>\n<td>\u00a0703<\/td>\n<\/tr>\n<tr>\n<td>Transportation in older times by Peder \u00c5rebru\u00a0<\/td>\n<td>\u00a0709<\/td>\n<\/tr>\n<tr>\n<td>Dei gamle jektesiglarane by Olav Sagen\u00a0<\/td>\n<td>\u00a0718<\/td>\n<\/tr>\n<tr>\n<td>Transportation requirements and how they were solved by J\u00f8rgen H\u00e6reid\u00a0<\/td>\n<td>\u00a0724<\/td>\n<\/tr>\n<tr>\n<td>Road construction by Knut Kramviken\u00a0<\/td>\n<td>\u00a0742<\/td>\n<\/tr>\n<tr>\n<td>H\u00e6reidselvi by Jan N. H\u00e6reid\u00a0<\/td>\n<td>\u00a0759<\/td>\n<\/tr>\n<tr>\n<td>New time on \u00c5rdalsvatnet by Peder \u00c5rebru\u00a0<\/td>\n<td>\u00a0767<\/td>\n<\/tr>\n<tr>\n<td>\u00c5rdal Sparebank by Tomas H\u00e6reid\u00a0<\/td>\n<td>\u00a0778<\/td>\n<\/tr>\n<tr>\n<td>Economic conditions from 1814 onwards by Oscar Skaar<\/td>\n<td>\u00a0814<\/td>\n<\/tr>\n<tr>\n<td>Grunnlaget for\u00a0&laquo;Det nye \u00c5rdal&raquo; vart lagt av Tyinfalli av Tomas H\u00e6reid\u00a0<\/td>\n<td>\u00a0843<\/td>\n<\/tr>\n<tr>\n<td>The stone industry in Ytre Ofredal by Tomas H\u00e6reid\u00a0<\/td>\n<td>\u00a0914<\/td>\n<\/tr>\n<tr>\n<td>Nordagtida by Othmar Hjelle\u00a0<\/td>\n<td>\u00a0925<\/td>\n<\/tr>\n<tr>\n<td>The sand roof at H\u00e6reid (\u00d8vre Vollene) by S\u00f8ren Ve<\/td>\n<td>\u00a0944<\/td>\n<\/tr>\n<tr>\n<td>Vel leva to the old industries by S\u00f8ren Ve<\/td>\n<td>\u00a0947<\/td>\n<\/tr>\n<tr>\n<td>Errors and misunderstandings\u00a0<\/td>\n<td>\u00a0955<\/td>\n<\/tr>\n<\/tbody>\n<\/table>","protected":false},"excerpt":{"rendered":"<p>Innhold Innleiing av Tomas Hareid\u00a0 \u00a0\u00a0 13 Slik vart bygda til av S\u00f8re Ve\u00a0 \u00a0\u00a0 26 Fr\u00e5 plantelivet av S\u00f8ren Ve og Per Wendelboe\u00a0 \u00a0\u00a0 78 Fr\u00e5 dyrelivet av S\u00f8ren Ve\u00a0 \u00a0103 Temperatur i luft, grunn og oppkommer av S\u00f8ren Ve\u00a0 \u00a0114 Landn\u00e5met av Sigurd\u00a0Dahl Midttun \u00a0120 Funn fr\u00e5 f\u00f8rhistorisk tid\u00a0av A. Lillehammer \u00a0127 Ytre [&hellip;]<\/p>\n","protected":false},"author":1,"featured_media":0,"comment_status":"closed","ping_status":"closed","template":"","meta":{"_acf_changed":false},"wpbdp_category":[9679],"wpbdp_tag":[],"class_list":{"0":"post-18862","1":"wpbdp_listing","2":"type-wpbdp_listing","3":"status-publish","5":"wpbdp_category-ardal-sogn-og-fjordane"},"acf":[],"_links":{"self":[{"href":"https:\/\/slekt1.com\/en\/wp-json\/wp\/v2\/wpbdp_listing\/18862","targetHints":{"allow":["GET"]}}],"collection":[{"href":"https:\/\/slekt1.com\/en\/wp-json\/wp\/v2\/wpbdp_listing"}],"about":[{"href":"https:\/\/slekt1.com\/en\/wp-json\/wp\/v2\/types\/wpbdp_listing"}],"author":[{"embeddable":true,"href":"https:\/\/slekt1.com\/en\/wp-json\/wp\/v2\/users\/1"}],"replies":[{"embeddable":true,"href":"https:\/\/slekt1.com\/en\/wp-json\/wp\/v2\/comments?post=18862"}],"wp:attachment":[{"href":"https:\/\/slekt1.com\/en\/wp-json\/wp\/v2\/media?parent=18862"}],"wp:term":[{"taxonomy":"wpbdp_category","embeddable":true,"href":"https:\/\/slekt1.com\/en\/wp-json\/wp\/v2\/wpbdp_category?post=18862"},{"taxonomy":"wpbdp_tag","embeddable":true,"href":"https:\/\/slekt1.com\/en\/wp-json\/wp\/v2\/wpbdp_tag?post=18862"}],"curies":[{"name":"wp","href":"https:\/\/api.w.org\/{rel}","templated":true}]}}